{"id":18937,"date":"2023-02-24T14:25:33","date_gmt":"2023-02-24T12:25:33","guid":{"rendered":"https:\/\/www.modapelle.gr\/product\/lederjacke-carlo\/"},"modified":"2023-06-02T13:16:54","modified_gmt":"2023-06-02T10:16:54","slug":"lederjacke-carlo","status":"publish","type":"product","link":"https:\/\/www.modapelle.gr\/de\/produkt\/lederjacke-carlo\/","title":{"rendered":"Lederjacke Carlo"},"content":{"rendered":"<h2>Lederjacke<\/h2>\n<ul>\n<li>Eine lederjacke f\u00fcr herren aus 100% weichem nappaleder.<\/li>\n<li>Zwei innentaschen (eine mit rei\u00dfverschluss)<\/li>\n<li>Vier au\u00dfentaschen mit rei\u00dfverschluss.<\/li>\n<li>Rei\u00dfverschluss am \u00c4rmelende f\u00fcr eine bessere passform (mit leder innen)<\/li>\n<li>Der kragen wird mit einem druckknopf gesichert.<\/li>\n<li>Neutrale stofffutter in schwarz.<\/li>\n<li>Abnehmbare stoffkapuze<\/li>\n<\/ul>\n","protected":false},"excerpt":{"rendered":"<h3>Lederjacke in bequemer passform<\/h3>\n<p>Herren-Lederjacke aus hochwertigem nappa-leder in schwarz &#8211; weich in der textur &#8211; und in einer bequemen passform (ideal f\u00fcr gro\u00dfe gr\u00f6\u00dfen)! Sie verf\u00fcgt \u00fcber vier au\u00dfentaschen, die mit rei\u00dfverschl\u00fcssen geschlossen werden k\u00f6nnen. Am unteren ende der \u00c4rmel befindet sich ein rei\u00dfverschluss f\u00fcr mehr komfort (mit leder innen). Schlie\u00dflich hat sie eine abnehmbare kapuze aus stoff, die mit einem rei\u00dfverschluss befestigt ist.<\/p>\n","protected":false},"featured_media":14485,"template":"","meta":{"_acf_changed":false},"product_brand":[],"product_cat":[509],"product_tag":[569,565,587,496],"class_list":{"0":"post-18937","1":"product","2":"type-product","3":"status-publish","4":"has-post-thumbnail","6":"product_cat-herren-lederjacken","7":"product_tag-herren-lederjacke","8":"product_tag-mann","9":"product_tag-nappa-leder","10":"product_tag-schwarze-farbe","12":"first","13":"instock","14":"sale","15":"shipping-taxable","16":"purchasable","17":"product-type-variable"},"acf":[],"yoast_head":"<!-- This site is optimized with the Yoast SEO plugin v27.4 - https:\/\/yoast.com\/product\/yoast-seo-wordpress\/ -->\n<title>Lederjacke Carlo - MODAPELLE<\/title>\n<meta name=\"description\" content=\"Herren Lederjacke, Nappa, Top-qualit\u00e4t, in schwarzer farbe und mit abnehmbarer stoffkapuze. In einer bequemen passform!\" \/>\n<meta name=\"robots\" content=\"index, follow, max-snippet:-1, max-image-preview:large, max-video-preview:-1\" \/>\n<link rel=\"canonical\" href=\"https:\/\/www.modapelle.gr\/de\/produkt\/lederjacke-carlo\/\" \/>\n<meta property=\"og:locale\" content=\"de_DE\" \/>\n<meta property=\"og:type\" content=\"article\" \/>\n<meta property=\"og:title\" content=\"Lederjacke Carlo - MODAPELLE\" \/>\n<meta property=\"og:description\" content=\"Herren Lederjacke, Nappa, Top-qualit\u00e4t, in schwarzer farbe und mit abnehmbarer stoffkapuze. In einer bequemen passform!\" \/>\n<meta property=\"og:url\" content=\"https:\/\/www.modapelle.gr\/de\/produkt\/lederjacke-carlo\/\" \/>\n<meta property=\"og:site_name\" content=\"MODAPELLE\" \/>\n<meta property=\"article:modified_time\" content=\"2023-06-02T10:16:54+00:00\" \/>\n<meta property=\"og:image\" content=\"https:\/\/www.modapelle.gr\/wp-content\/uploads\/2023\/02\/\u03b1\u03bd\u03b4\u03c1\u03b9\u03ba\u03cc-\u03b4\u03b5\u03c1\u03bc\u03ac\u03c4\u03b9\u03bd\u03bf-\u03bc\u03c0\u03bf\u03c5\u03c6\u03ac\u03bd-CARLO-1L.jpg\" \/>\n\t<meta property=\"og:image:width\" content=\"1200\" \/>\n\t<meta property=\"og:image:height\" content=\"1200\" \/>\n\t<meta property=\"og:image:type\" content=\"image\/jpeg\" \/>\n<meta name=\"twitter:card\" content=\"summary_large_image\" \/>\n<meta name=\"twitter:label1\" content=\"Gesch\u00e4tzte Lesezeit\" \/>\n\t<meta name=\"twitter:data1\" content=\"1\u00a0Minute\" \/>\n<script type=\"application\/ld+json\" class=\"yoast-schema-graph\">{\"@context\":\"https:\\\/\\\/schema.org\",\"@graph\":[{\"@type\":\"WebPage\",\"@id\":\"https:\\\/\\\/www.modapelle.gr\\\/de\\\/produkt\\\/lederjacke-carlo\\\/\",\"url\":\"https:\\\/\\\/www.modapelle.gr\\\/de\\\/produkt\\\/lederjacke-carlo\\\/\",\"name\":\"Lederjacke Carlo - MODAPELLE\",\"isPartOf\":{\"@id\":\"https:\\\/\\\/www.modapelle.gr\\\/de\\\/#website\"},\"primaryImageOfPage\":{\"@id\":\"https:\\\/\\\/www.modapelle.gr\\\/de\\\/produkt\\\/lederjacke-carlo\\\/#primaryimage\"},\"image\":{\"@id\":\"https:\\\/\\\/www.modapelle.gr\\\/de\\\/produkt\\\/lederjacke-carlo\\\/#primaryimage\"},\"thumbnailUrl\":\"https:\\\/\\\/www.modapelle.gr\\\/wp-content\\\/uploads\\\/2023\\\/02\\\/\u03b1\u03bd\u03b4\u03c1\u03b9\u03ba\u03cc-\u03b4\u03b5\u03c1\u03bc\u03ac\u03c4\u03b9\u03bd\u03bf-\u03bc\u03c0\u03bf\u03c5\u03c6\u03ac\u03bd-CARLO-1L.jpg\",\"datePublished\":\"2023-02-24T12:25:33+00:00\",\"dateModified\":\"2023-06-02T10:16:54+00:00\",\"description\":\"Herren Lederjacke, Nappa, Top-qualit\u00e4t, in schwarzer farbe und mit abnehmbarer stoffkapuze. In einer bequemen passform!\",\"breadcrumb\":{\"@id\":\"https:\\\/\\\/www.modapelle.gr\\\/de\\\/produkt\\\/lederjacke-carlo\\\/#breadcrumb\"},\"inLanguage\":\"de\",\"potentialAction\":[{\"@type\":\"ReadAction\",\"target\":[\"https:\\\/\\\/www.modapelle.gr\\\/de\\\/produkt\\\/lederjacke-carlo\\\/\"]}]},{\"@type\":\"ImageObject\",\"inLanguage\":\"de\",\"@id\":\"https:\\\/\\\/www.modapelle.gr\\\/de\\\/produkt\\\/lederjacke-carlo\\\/#primaryimage\",\"url\":\"https:\\\/\\\/www.modapelle.gr\\\/wp-content\\\/uploads\\\/2023\\\/02\\\/\u03b1\u03bd\u03b4\u03c1\u03b9\u03ba\u03cc-\u03b4\u03b5\u03c1\u03bc\u03ac\u03c4\u03b9\u03bd\u03bf-\u03bc\u03c0\u03bf\u03c5\u03c6\u03ac\u03bd-CARLO-1L.jpg\",\"contentUrl\":\"https:\\\/\\\/www.modapelle.gr\\\/wp-content\\\/uploads\\\/2023\\\/02\\\/\u03b1\u03bd\u03b4\u03c1\u03b9\u03ba\u03cc-\u03b4\u03b5\u03c1\u03bc\u03ac\u03c4\u03b9\u03bd\u03bf-\u03bc\u03c0\u03bf\u03c5\u03c6\u03ac\u03bd-CARLO-1L.jpg\",\"width\":1200,\"height\":1200,\"caption\":\"Lederjacke Carlo\"},{\"@type\":\"BreadcrumbList\",\"@id\":\"https:\\\/\\\/www.modapelle.gr\\\/de\\\/produkt\\\/lederjacke-carlo\\\/#breadcrumb\",\"itemListElement\":[{\"@type\":\"ListItem\",\"position\":1,\"name\":\"Modapelle\",\"item\":\"https:\\\/\\\/www.modapelle.gr\\\/de\\\/\"},{\"@type\":\"ListItem\",\"position\":2,\"name\":\"Shop\",\"item\":\"https:\\\/\\\/www.modapelle.gr\\\/de\\\/shop\\\/\"},{\"@type\":\"ListItem\",\"position\":3,\"name\":\"Mann\",\"item\":\"https:\\\/\\\/www.modapelle.gr\\\/de\\\/produkt-kategorie\\\/mann\\\/\"},{\"@type\":\"ListItem\",\"position\":4,\"name\":\"Herren Lederjacken\",\"item\":\"https:\\\/\\\/www.modapelle.gr\\\/de\\\/produkt-kategorie\\\/mann\\\/herren-lederjacken\\\/\"},{\"@type\":\"ListItem\",\"position\":5,\"name\":\"Lederjacke Carlo\"}]},{\"@type\":\"WebSite\",\"@id\":\"https:\\\/\\\/www.modapelle.gr\\\/de\\\/#website\",\"url\":\"https:\\\/\\\/www.modapelle.gr\\\/de\\\/\",\"name\":\"MODAPELLE\",\"description\":\"Lederbekleidung, Taschen & Accessoires\",\"publisher\":{\"@id\":\"https:\\\/\\\/www.modapelle.gr\\\/de\\\/#organization\"},\"potentialAction\":[{\"@type\":\"SearchAction\",\"target\":{\"@type\":\"EntryPoint\",\"urlTemplate\":\"https:\\\/\\\/www.modapelle.gr\\\/de\\\/?s={search_term_string}\"},\"query-input\":{\"@type\":\"PropertyValueSpecification\",\"valueRequired\":true,\"valueName\":\"search_term_string\"}}],\"inLanguage\":\"de\"},{\"@type\":\"Organization\",\"@id\":\"https:\\\/\\\/www.modapelle.gr\\\/de\\\/#organization\",\"name\":\"MODAPELLE\",\"url\":\"https:\\\/\\\/www.modapelle.gr\\\/de\\\/\",\"logo\":{\"@type\":\"ImageObject\",\"inLanguage\":\"de\",\"@id\":\"https:\\\/\\\/www.modapelle.gr\\\/de\\\/#\\\/schema\\\/logo\\\/image\\\/\",\"url\":\"https:\\\/\\\/www.modapelle.gr\\\/wp-content\\\/uploads\\\/2021\\\/07\\\/modapelle-logo.png\",\"contentUrl\":\"https:\\\/\\\/www.modapelle.gr\\\/wp-content\\\/uploads\\\/2021\\\/07\\\/modapelle-logo.png\",\"width\":388,\"height\":120,\"caption\":\"MODAPELLE\"},\"image\":{\"@id\":\"https:\\\/\\\/www.modapelle.gr\\\/de\\\/#\\\/schema\\\/logo\\\/image\\\/\"}}]}<\/script>\n<!-- \/ Yoast SEO plugin. -->","yoast_head_json":{"title":"Lederjacke Carlo - MODAPELLE","description":"Herren Lederjacke, Nappa, Top-qualit\u00e4t, in schwarzer farbe und mit abnehmbarer stoffkapuze. In einer bequemen passform!","robots":{"index":"index","follow":"follow","max-snippet":"max-snippet:-1","max-image-preview":"max-image-preview:large","max-video-preview":"max-video-preview:-1"},"canonical":"https:\/\/www.modapelle.gr\/de\/produkt\/lederjacke-carlo\/","og_locale":"de_DE","og_type":"article","og_title":"Lederjacke Carlo - MODAPELLE","og_description":"Herren Lederjacke, Nappa, Top-qualit\u00e4t, in schwarzer farbe und mit abnehmbarer stoffkapuze. In einer bequemen passform!","og_url":"https:\/\/www.modapelle.gr\/de\/produkt\/lederjacke-carlo\/","og_site_name":"MODAPELLE","article_modified_time":"2023-06-02T10:16:54+00:00","og_image":[{"width":1200,"height":1200,"url":"https:\/\/www.modapelle.gr\/wp-content\/uploads\/2023\/02\/\u03b1\u03bd\u03b4\u03c1\u03b9\u03ba\u03cc-\u03b4\u03b5\u03c1\u03bc\u03ac\u03c4\u03b9\u03bd\u03bf-\u03bc\u03c0\u03bf\u03c5\u03c6\u03ac\u03bd-CARLO-1L.jpg","type":"image\/jpeg"}],"twitter_card":"summary_large_image","twitter_misc":{"Gesch\u00e4tzte Lesezeit":"1\u00a0Minute"},"schema":{"@context":"https:\/\/schema.org","@graph":[{"@type":"WebPage","@id":"https:\/\/www.modapelle.gr\/de\/produkt\/lederjacke-carlo\/","url":"https:\/\/www.modapelle.gr\/de\/produkt\/lederjacke-carlo\/","name":"Lederjacke Carlo - MODAPELLE","isPartOf":{"@id":"https:\/\/www.modapelle.gr\/de\/#website"},"primaryImageOfPage":{"@id":"https:\/\/www.modapelle.gr\/de\/produkt\/lederjacke-carlo\/#primaryimage"},"image":{"@id":"https:\/\/www.modapelle.gr\/de\/produkt\/lederjacke-carlo\/#primaryimage"},"thumbnailUrl":"https:\/\/www.modapelle.gr\/wp-content\/uploads\/2023\/02\/\u03b1\u03bd\u03b4\u03c1\u03b9\u03ba\u03cc-\u03b4\u03b5\u03c1\u03bc\u03ac\u03c4\u03b9\u03bd\u03bf-\u03bc\u03c0\u03bf\u03c5\u03c6\u03ac\u03bd-CARLO-1L.jpg","datePublished":"2023-02-24T12:25:33+00:00","dateModified":"2023-06-02T10:16:54+00:00","description":"Herren Lederjacke, Nappa, Top-qualit\u00e4t, in schwarzer farbe und mit abnehmbarer stoffkapuze. In einer bequemen passform!","breadcrumb":{"@id":"https:\/\/www.modapelle.gr\/de\/produkt\/lederjacke-carlo\/#breadcrumb"},"inLanguage":"de","potentialAction":[{"@type":"ReadAction","target":["https:\/\/www.modapelle.gr\/de\/produkt\/lederjacke-carlo\/"]}]},{"@type":"ImageObject","inLanguage":"de","@id":"https:\/\/www.modapelle.gr\/de\/produkt\/lederjacke-carlo\/#primaryimage","url":"https:\/\/www.modapelle.gr\/wp-content\/uploads\/2023\/02\/\u03b1\u03bd\u03b4\u03c1\u03b9\u03ba\u03cc-\u03b4\u03b5\u03c1\u03bc\u03ac\u03c4\u03b9\u03bd\u03bf-\u03bc\u03c0\u03bf\u03c5\u03c6\u03ac\u03bd-CARLO-1L.jpg","contentUrl":"https:\/\/www.modapelle.gr\/wp-content\/uploads\/2023\/02\/\u03b1\u03bd\u03b4\u03c1\u03b9\u03ba\u03cc-\u03b4\u03b5\u03c1\u03bc\u03ac\u03c4\u03b9\u03bd\u03bf-\u03bc\u03c0\u03bf\u03c5\u03c6\u03ac\u03bd-CARLO-1L.jpg","width":1200,"height":1200,"caption":"Lederjacke Carlo"},{"@type":"BreadcrumbList","@id":"https:\/\/www.modapelle.gr\/de\/produkt\/lederjacke-carlo\/#breadcrumb","itemListElement":[{"@type":"ListItem","position":1,"name":"Modapelle","item":"https:\/\/www.modapelle.gr\/de\/"},{"@type":"ListItem","position":2,"name":"Shop","item":"https:\/\/www.modapelle.gr\/de\/shop\/"},{"@type":"ListItem","position":3,"name":"Mann","item":"https:\/\/www.modapelle.gr\/de\/produkt-kategorie\/mann\/"},{"@type":"ListItem","position":4,"name":"Herren Lederjacken","item":"https:\/\/www.modapelle.gr\/de\/produkt-kategorie\/mann\/herren-lederjacken\/"},{"@type":"ListItem","position":5,"name":"Lederjacke Carlo"}]},{"@type":"WebSite","@id":"https:\/\/www.modapelle.gr\/de\/#website","url":"https:\/\/www.modapelle.gr\/de\/","name":"MODAPELLE","description":"Lederbekleidung, Taschen & Accessoires","publisher":{"@id":"https:\/\/www.modapelle.gr\/de\/#organization"},"potentialAction":[{"@type":"SearchAction","target":{"@type":"EntryPoint","urlTemplate":"https:\/\/www.modapelle.gr\/de\/?s={search_term_string}"},"query-input":{"@type":"PropertyValueSpecification","valueRequired":true,"valueName":"search_term_string"}}],"inLanguage":"de"},{"@type":"Organization","@id":"https:\/\/www.modapelle.gr\/de\/#organization","name":"MODAPELLE","url":"https:\/\/www.modapelle.gr\/de\/","logo":{"@type":"ImageObject","inLanguage":"de","@id":"https:\/\/www.modapelle.gr\/de\/#\/schema\/logo\/image\/","url":"https:\/\/www.modapelle.gr\/wp-content\/uploads\/2021\/07\/modapelle-logo.png","contentUrl":"https:\/\/www.modapelle.gr\/wp-content\/uploads\/2021\/07\/modapelle-logo.png","width":388,"height":120,"caption":"MODAPELLE"},"image":{"@id":"https:\/\/www.modapelle.gr\/de\/#\/schema\/logo\/image\/"}}]}},"_links":{"self":[{"href":"https:\/\/www.modapelle.gr\/de\/wp-json\/wp\/v2\/product\/18937","targetHints":{"allow":["GET"]}}],"collection":[{"href":"https:\/\/www.modapelle.gr\/de\/wp-json\/wp\/v2\/product"}],"about":[{"href":"https:\/\/www.modapelle.gr\/de\/wp-json\/wp\/v2\/types\/product"}],"wp:featuredmedia":[{"embeddable":true,"href":"https:\/\/www.modapelle.gr\/de\/wp-json\/wp\/v2\/media\/14485"}],"wp:attachment":[{"href":"https:\/\/www.modapelle.gr\/de\/wp-json\/wp\/v2\/media?parent=18937"}],"wp:term":[{"taxonomy":"product_brand","embeddable":true,"href":"https:\/\/www.modapelle.gr\/de\/wp-json\/wp\/v2\/product_brand?post=18937"},{"taxonomy":"product_cat","embeddable":true,"href":"https:\/\/www.modapelle.gr\/de\/wp-json\/wp\/v2\/product_cat?post=18937"},{"taxonomy":"product_tag","embeddable":true,"href":"https:\/\/www.modapelle.gr\/de\/wp-json\/wp\/v2\/product_tag?post=18937"}],"curies":[{"name":"wp","href":"https:\/\/api.w.org\/{rel}","templated":true}]}}